{"id":23082,"date":"2020-12-15T11:38:32","date_gmt":"2020-12-15T14:38:32","guid":{"rendered":"https:\/\/centrodeexcelencia.org.br\/?page_id=23082"},"modified":"2024-12-03T10:09:32","modified_gmt":"2024-12-03T13:09:32","slug":"nutrir-o-futuro","status":"publish","type":"page","link":"https:\/\/centrodeexcelencia.org.br\/en\/nutrir-o-futuro\/","title":{"rendered":"Nurture the Future"},"content":{"rendered":"\t\t<div data-elementor-type=\"wp-page\" data-elementor-id=\"23082\" class=\"elementor elementor-23082\" data-elementor-post-type=\"page\">\n\t\t\t\t\t\t<section class=\"elementor-section elementor-top-section elementor-element elementor-element-dfbb90b elementor-section-boxed elementor-section-height-default elementor-section-height-default wpr-particle-no wpr-jarallax-no wpr-parallax-no wpr-sticky-section-no\" data-id=\"dfbb90b\" data-element_type=\"section\">\n\t\t\t\t\t\t<div class=\"elementor-container elementor-column-gap-default\">\n\t\t\t\t\t<div class=\"elementor-column elementor-col-100 elementor-top-column elementor-element elementor-element-12ca252\" data-id=\"12ca252\" data-element_type=\"column\">\n\t\t\t<div class=\"elementor-widget-wrap elementor-element-populated\">\n\t\t\t\t\t\t<div class=\"elementor-element elementor-element-e2246bf elementor-widget elementor-widget-image\" data-id=\"e2246bf\" data-element_type=\"widget\" data-widget_type=\"image.default\">\n\t\t\t\t<div class=\"elementor-widget-container\">\n\t\t\t\t\t\t\t\t\t\t\t\t\t\t<a href=\"#\">\n\t\t\t\t\t\t\t<img decoding=\"async\" width=\"2002\" height=\"20\" src=\"https:\/\/centrodeexcelencia.org.br\/wp-content\/uploads\/2020\/09\/barrinha.gif\" class=\"attachment-full size-full wp-image-17736\" alt=\"\" \/>\t\t\t\t\t\t\t\t<\/a>\n\t\t\t\t\t\t\t\t\t\t\t\t\t<\/div>\n\t\t\t\t<\/div>\n\t\t\t\t<div class=\"elementor-element elementor-element-cd01c80 elementor-widget elementor-widget-text-editor\" data-id=\"cd01c80\" data-element_type=\"widget\" data-widget_type=\"text-editor.default\">\n\t\t\t\t<div class=\"elementor-widget-container\">\n\t\t\t\t\t\t\t<p style=\"text-align: left;\"><img fetchpriority=\"high\" decoding=\"async\" class=\"alignleft wp-image-26903 size-full\" src=\"https:\/\/centrodeexcelencia.org.br\/wp-content\/uploads\/2024\/03\/Captura-de-Tela-2024-03-19-as-15.59.07.png\" alt=\"\" width=\"922\" height=\"324\" srcset=\"https:\/\/centrodeexcelencia.org.br\/wp-content\/uploads\/2024\/03\/Captura-de-Tela-2024-03-19-as-15.59.07.png 922w, https:\/\/centrodeexcelencia.org.br\/wp-content\/uploads\/2024\/03\/Captura-de-Tela-2024-03-19-as-15.59.07-300x105.png 300w, https:\/\/centrodeexcelencia.org.br\/wp-content\/uploads\/2024\/03\/Captura-de-Tela-2024-03-19-as-15.59.07-768x270.png 768w, https:\/\/centrodeexcelencia.org.br\/wp-content\/uploads\/2024\/03\/Captura-de-Tela-2024-03-19-as-15.59.07-600x211.png 600w\" sizes=\"(max-width: 922px) 100vw, 922px\" \/><\/p><p style=\"text-align: left;\"><\/p>\t\t\t\t\t\t<\/div>\n\t\t\t\t<\/div>\n\t\t\t\t\t<\/div>\n\t\t<\/div>\n\t\t\t\t\t<\/div>\n\t\t<\/section>\n\t\t\t\t<section class=\"elementor-section elementor-top-section elementor-element elementor-element-b8e8823 elementor-section-boxed elementor-section-height-default elementor-section-height-default wpr-particle-no wpr-jarallax-no wpr-parallax-no wpr-sticky-section-no\" data-id=\"b8e8823\" data-element_type=\"section\">\n\t\t\t\t\t\t<div class=\"elementor-container elementor-column-gap-default\">\n\t\t\t\t\t<div class=\"elementor-column elementor-col-100 elementor-top-column elementor-element elementor-element-615edb8\" data-id=\"615edb8\" data-element_type=\"column\">\n\t\t\t<div class=\"elementor-widget-wrap elementor-element-populated\">\n\t\t\t\t\t\t<div class=\"elementor-element elementor-element-cb7c2e4 elementor-widget__width-initial elementor-widget elementor-widget-text-editor\" data-id=\"cb7c2e4\" data-element_type=\"widget\" data-widget_type=\"text-editor.default\">\n\t\t\t\t<div class=\"elementor-widget-container\">\n\t\t\t\t\t\t\t<p style=\"text-align: center;\"><\/p><p style=\"margin: 0;\"><img decoding=\"async\" class=\"alignnone wp-image-23363 size-full\" style=\"margin: 0;\" src=\"https:\/\/centrodeexcelencia.org.br\/wp-content\/uploads\/2021\/01\/Nutrir-o-futuro_marcaEN.png\" alt=\"\" width=\"1280\" height=\"270\" srcset=\"https:\/\/centrodeexcelencia.org.br\/wp-content\/uploads\/2021\/01\/Nutrir-o-futuro_marcaEN.png 1280w, https:\/\/centrodeexcelencia.org.br\/wp-content\/uploads\/2021\/01\/Nutrir-o-futuro_marcaEN-300x63.png 300w, https:\/\/centrodeexcelencia.org.br\/wp-content\/uploads\/2021\/01\/Nutrir-o-futuro_marcaEN-1024x216.png 1024w, https:\/\/centrodeexcelencia.org.br\/wp-content\/uploads\/2021\/01\/Nutrir-o-futuro_marcaEN-768x162.png 768w, https:\/\/centrodeexcelencia.org.br\/wp-content\/uploads\/2021\/01\/Nutrir-o-futuro_marcaEN-600x127.png 600w\" sizes=\"(max-width: 1280px) 100vw, 1280px\" \/><\/p><p style=\"text-align: center;\"><\/p>\t\t\t\t\t\t<\/div>\n\t\t\t\t<\/div>\n\t\t\t\t<div class=\"elementor-element elementor-element-af589ef elementor-widget elementor-widget-text-editor\" data-id=\"af589ef\" data-element_type=\"widget\" data-widget_type=\"text-editor.default\">\n\t\t\t\t<div class=\"elementor-widget-container\">\n\t\t\t\t\t\t\t<p><\/p><div class=\"conteudo\"><div><p><span lang=\"EN-US\">The scenario of malnutrition among children remains serious worldwide. According to the 2023 State of Food Security and Nutrition in the World report, 148 million children under five are affected by chronic malnutrition (stunting), and 45 million suffer from acute malnutrition (wasting). Despite advances in reducing malnutrition among children, the global outlook does not indicate that the goals will be achieved by 2030.<\/span><\/p><\/div><div><p><span lang=\"EN-GB\">Regarding the prevalence of overweight, in 2022, 37 million cases were reported in children under 5 years old, and this clinical condition can lead to respiratory problems, hypertension, and other non-communicable chronic diseases. Given that overweight and obesity are preventable, some contributing factors to this scenario include the consumption of processed foods rich in fats, sugars, and energy, along with inadequate levels of physical activity.<\/span><\/p><\/div><div><p><span lang=\"EN-GB\">The situation is more severe in low or middle-income countries, where there has been an increase in acute malnutrition and overweight in the last decade (2012 to 2022). The percentage of overweight in Latin America and the Caribbean is higher than the global average, with noteworthy percentages in South America.<\/span><\/p><\/div><div><p><span lang=\"EN-US\">The increasing prevalence of overweight in children and adolescents is observed globally. From 2000 to 2016, the proportion of overweight children (5 to 19 years of age) doubled worldwide, from 1 in 10 to almost 1 in 5 second children, UNICEF (2019). The Latin American and Caribbean region follows the same trend, with the prevalence of overweight children doubled since 1990.<\/span><span lang=\"EN-US\">\u202f\u202f<\/span><\/p><p><span lang=\"EN-US\">These problems affect people\u2019s health and quality of life, it also promotes social and economic consequences to families, communities (especially among the most vulnerable), and in governments decision-making. <\/span><\/p><p><span lang=\"EN-US\">The South-South Cooperation Project to tackle the Multiple Burden of Malnutrition in School-aged Children results from a partnership between the Ministry of Health, the WFP Centre of Excellence Against Hunger, the Brazilian Cooperation Agency, and the Ministry of Foreign Affairs.\u00a0Importantly, the Ministries of Health of Colombia and Peru are also partners in this project.\u00a0 <\/span><\/p><p><span lang=\"EN-US\">This horizontal knowledge exchange, especially regarding the fight against childhood overweight and obesity, aims to support processes to strengthen national public institutions and health and nutrition sectors considered fundamental for the management of public food and nutrition policies in partner countries.\u00a0<\/span><\/p><p><span lang=\"EN-US\">This project searches for synergies and complementarity with other Brazilian and international initiatives in the sector, as well as with other activities developed by WFP offices in Colombia and Peru.\u00a0<\/span><\/p><\/div><\/div><p><\/p>\t\t\t\t\t\t<\/div>\n\t\t\t\t<\/div>\n\t\t\t\t<div class=\"elementor-element elementor-element-2c005cc elementor-widget elementor-widget-text-editor\" data-id=\"2c005cc\" data-element_type=\"widget\" data-widget_type=\"text-editor.default\">\n\t\t\t\t<div class=\"elementor-widget-container\">\n\t\t\t\t\t\t\t<p><\/p><p style=\"margin: 0;\"><img loading=\"lazy\" decoding=\"async\" class=\"alignnone wp-image-26680 size-full\" style=\"margin: 0;\" src=\"https:\/\/centrodeexcelencia.org.br\/wp-content\/uploads\/2024\/02\/Infografico-Nutrir-o-Futuro141223-EN.png\" alt=\"\" width=\"2867\" height=\"2143\" srcset=\"https:\/\/centrodeexcelencia.org.br\/wp-content\/uploads\/2024\/02\/Infografico-Nutrir-o-Futuro141223-EN.png 2867w, https:\/\/centrodeexcelencia.org.br\/wp-content\/uploads\/2024\/02\/Infografico-Nutrir-o-Futuro141223-EN-300x224.png 300w, https:\/\/centrodeexcelencia.org.br\/wp-content\/uploads\/2024\/02\/Infografico-Nutrir-o-Futuro141223-EN-1024x765.png 1024w, https:\/\/centrodeexcelencia.org.br\/wp-content\/uploads\/2024\/02\/Infografico-Nutrir-o-Futuro141223-EN-768x574.png 768w, https:\/\/centrodeexcelencia.org.br\/wp-content\/uploads\/2024\/02\/Infografico-Nutrir-o-Futuro141223-EN-1536x1148.png 1536w, https:\/\/centrodeexcelencia.org.br\/wp-content\/uploads\/2024\/02\/Infografico-Nutrir-o-Futuro141223-EN-2048x1531.png 2048w, https:\/\/centrodeexcelencia.org.br\/wp-content\/uploads\/2024\/02\/Infografico-Nutrir-o-Futuro141223-EN-600x448.png 600w\" sizes=\"(max-width: 2867px) 100vw, 2867px\" \/><\/p><p><\/p>\t\t\t\t\t\t<\/div>\n\t\t\t\t<\/div>\n\t\t\t\t<div class=\"elementor-element elementor-element-31fb241 alem elementor-widget elementor-widget-text-editor\" data-id=\"31fb241\" data-element_type=\"widget\" data-widget_type=\"text-editor.default\">\n\t\t\t\t<div class=\"elementor-widget-container\">\n\t\t\t\t\t\t\t<p><\/p>\n<p style=\"margin: 0;\"><img loading=\"lazy\" decoding=\"async\" class=\"alignnone wp-image-23363 size-medium\" style=\"margin: 0;\" src=\"https:\/\/centrodeexcelencia.org.br\/wp-content\/uploads\/2021\/01\/Nutrir-o-futuro_marcaEN-300x63.png\" alt=\"\" width=\"300\" height=\"63\" srcset=\"https:\/\/centrodeexcelencia.org.br\/wp-content\/uploads\/2021\/01\/Nutrir-o-futuro_marcaEN-300x63.png 300w, https:\/\/centrodeexcelencia.org.br\/wp-content\/uploads\/2021\/01\/Nutrir-o-futuro_marcaEN-1024x216.png 1024w, https:\/\/centrodeexcelencia.org.br\/wp-content\/uploads\/2021\/01\/Nutrir-o-futuro_marcaEN-768x162.png 768w, https:\/\/centrodeexcelencia.org.br\/wp-content\/uploads\/2021\/01\/Nutrir-o-futuro_marcaEN-600x127.png 600w, https:\/\/centrodeexcelencia.org.br\/wp-content\/uploads\/2021\/01\/Nutrir-o-futuro_marcaEN.png 1280w\" sizes=\"(max-width: 300px) 100vw, 300px\" \/><\/p>\n<p><\/p>\t\t\t\t\t\t<\/div>\n\t\t\t\t<\/div>\n\t\t\t\t<div class=\"elementor-element elementor-element-d5ea194 elementor-widget elementor-widget-text-editor\" data-id=\"d5ea194\" data-element_type=\"widget\" data-widget_type=\"text-editor.default\">\n\t\t\t\t<div class=\"elementor-widget-container\">\n\t\t\t\t\t\t\t<p><\/p><p style=\"font-weight: 400;\">The project was formalized in December 2019 and\u00a0<a href=\"https:\/\/centrodeexcelencia.org.br\/en\/nutrir-o-futuro-seminario-apresenta-desafios-e-possiveis-caminhos-no-brasil-colombia-e-peru\/\">the first workshop with the cooperating countries<\/a> took place in December 2020. During the implementation years, the collaborating entities produced several planned outputs materials for managers and educational materials for children are among the foreseen outputs. Other actions include elaborating comparative analyses to create evidence on the multiple burden of malnutrition, especially, on overweight and obesity within the countries involved. Additionally, strengthening knowledge networks and participating in national and international seminars are also expected by the project. Participation in international events also occurred to share project information with other countries.<\/p><p><\/p>\t\t\t\t\t\t<\/div>\n\t\t\t\t<\/div>\n\t\t\t\t<div class=\"elementor-element elementor-element-f8e9ca9 elementor-widget elementor-widget-text-editor\" data-id=\"f8e9ca9\" data-element_type=\"widget\" data-widget_type=\"text-editor.default\">\n\t\t\t\t<div class=\"elementor-widget-container\">\n\t\t\t\t\t\t\t<p><\/p><p><img loading=\"lazy\" decoding=\"async\" class=\"alignnone wp-image-23464\" src=\"https:\/\/centrodeexcelencia.org.br\/wp-content\/uploads\/2021\/02\/Infografico-Nutrir-o-Futuro-04.png\" alt=\"\" width=\"688\" height=\"282\" srcset=\"https:\/\/centrodeexcelencia.org.br\/wp-content\/uploads\/2021\/02\/Infografico-Nutrir-o-Futuro-04.png 1434w, https:\/\/centrodeexcelencia.org.br\/wp-content\/uploads\/2021\/02\/Infografico-Nutrir-o-Futuro-04-300x123.png 300w, https:\/\/centrodeexcelencia.org.br\/wp-content\/uploads\/2021\/02\/Infografico-Nutrir-o-Futuro-04-1024x420.png 1024w, https:\/\/centrodeexcelencia.org.br\/wp-content\/uploads\/2021\/02\/Infografico-Nutrir-o-Futuro-04-768x315.png 768w, https:\/\/centrodeexcelencia.org.br\/wp-content\/uploads\/2021\/02\/Infografico-Nutrir-o-Futuro-04-600x246.png 600w\" sizes=\"(max-width: 688px) 100vw, 688px\" \/><\/p><p><\/p>\t\t\t\t\t\t<\/div>\n\t\t\t\t<\/div>\n\t\t\t\t<div class=\"elementor-element elementor-element-3a3de1a elementor-position-left elementor-vertical-align-middle elementor-widget elementor-widget-image-box\" data-id=\"3a3de1a\" data-element_type=\"widget\" data-widget_type=\"image-box.default\">\n\t\t\t\t<div class=\"elementor-widget-container\">\n\t\t\t<div class=\"elementor-image-box-wrapper\"><figure class=\"elementor-image-box-img\"><img loading=\"lazy\" decoding=\"async\" width=\"40\" height=\"27\" src=\"https:\/\/centrodeexcelencia.org.br\/wp-content\/uploads\/2021\/01\/Bandeira-Brasil.png\" class=\"attachment-full size-full wp-image-23366\" alt=\"\" \/><\/figure><div class=\"elementor-image-box-content\"><h1 class=\"elementor-image-box-title\">\u00a0BRAZIL<\/h1><\/div><\/div>\t\t<\/div>\n\t\t\t\t<\/div>\n\t\t\t\t<div class=\"elementor-element elementor-element-63d11af elementor-widget elementor-widget-image\" data-id=\"63d11af\" data-element_type=\"widget\" data-widget_type=\"image.default\">\n\t\t\t\t<div class=\"elementor-widget-container\">\n\t\t\t\t\t\t\t\t\t\t\t\t\t<img loading=\"lazy\" decoding=\"async\" width=\"800\" height=\"8\" src=\"https:\/\/centrodeexcelencia.org.br\/wp-content\/uploads\/2020\/09\/barrinha-1024x10.gif\" class=\"attachment-large size-large wp-image-17736\" alt=\"\" srcset=\"https:\/\/centrodeexcelencia.org.br\/wp-content\/uploads\/2020\/09\/barrinha-1024x10.gif 1024w, https:\/\/centrodeexcelencia.org.br\/wp-content\/uploads\/2020\/09\/barrinha-300x3.gif 300w, https:\/\/centrodeexcelencia.org.br\/wp-content\/uploads\/2020\/09\/barrinha-768x8.gif 768w, https:\/\/centrodeexcelencia.org.br\/wp-content\/uploads\/2020\/09\/barrinha-1536x15.gif 1536w, https:\/\/centrodeexcelencia.org.br\/wp-content\/uploads\/2020\/09\/barrinha-600x6.gif 600w\" sizes=\"(max-width: 800px) 100vw, 800px\" \/>\t\t\t\t\t\t\t\t\t\t\t\t\t<\/div>\n\t\t\t\t<\/div>\n\t\t\t\t<div class=\"elementor-element elementor-element-e901b1c elementor-widget elementor-widget-text-editor\" data-id=\"e901b1c\" data-element_type=\"widget\" data-widget_type=\"text-editor.default\">\n\t\t\t\t<div class=\"elementor-widget-container\">\n\t\t\t\t\t\t\t<p><\/p><div class=\"conteudo\"><p style=\"font-weight: 400;\">Primary Health Care (PHC), the main level of the Unified Health System (SUS) for disease prevention and control, diagnosed in 2021 that 356,000 children aged 5 to 10 in Brazil presented obesity. The highest concentration of data was in the Southern region (11.52%), followed by the Southwest (10.41%), Northeast (9.67%), Midwest (9.43%), and North (6.93%). Additionally, the Atlas of Childhood Obesity in Brazil (2019) pointed out that among children aged 6 to 23 months, 48% consumed ultra-processed foods, 32% consumed sugary drinks, 28% consumed filled cookies, sweets, or treats, and 23% consumed instant noodles, snacks, or salty biscuits.<\/p><p style=\"font-weight: 400;\">Regarding malnutrition, data obtained from the Food and Nutritional Surveillance System (SISVAN) platform in 2023 indicated that among children aged 0 to 5 years, 1.13% had very low weight for age, and 2.57% had low weight for age. It is worth noting that the data were slightly higher among indigenous, mixed ethnicity, and black children. Malnutrition in children can lead to irreversible repercussions, such as short stature, inadequate school performance, and low productivity in adulthood, factors that promote the intergenerational transmission of poverty.<\/p><\/div><p>\u00a0<\/p><p><\/p>\t\t\t\t\t\t<\/div>\n\t\t\t\t<\/div>\n\t\t\t\t<div class=\"elementor-element elementor-element-13aa5e9 teste elementor-widget elementor-widget-heading\" data-id=\"13aa5e9\" data-element_type=\"widget\" data-widget_type=\"heading.default\">\n\t\t\t\t<div class=\"elementor-widget-container\">\n\t\t\t<h4 class=\"elementor-heading-title elementor-size-default\">Partners<\/h4>\t\t<\/div>\n\t\t\t\t<\/div>\n\t\t\t\t<div class=\"elementor-element elementor-element-97dc01d elementor-widget elementor-widget-image\" data-id=\"97dc01d\" data-element_type=\"widget\" data-widget_type=\"image.default\">\n\t\t\t\t<div class=\"elementor-widget-container\">\n\t\t\t\t\t\t\t\t\t\t\t\t\t<img loading=\"lazy\" decoding=\"async\" width=\"300\" height=\"38\" src=\"https:\/\/centrodeexcelencia.org.br\/wp-content\/uploads\/2024\/02\/Captura-de-Tela-2024-02-02-as-15.30.01-300x38.png\" class=\"attachment-medium size-medium wp-image-26696\" alt=\"\" srcset=\"https:\/\/centrodeexcelencia.org.br\/wp-content\/uploads\/2024\/02\/Captura-de-Tela-2024-02-02-as-15.30.01-300x38.png 300w, https:\/\/centrodeexcelencia.org.br\/wp-content\/uploads\/2024\/02\/Captura-de-Tela-2024-02-02-as-15.30.01-1024x128.png 1024w, https:\/\/centrodeexcelencia.org.br\/wp-content\/uploads\/2024\/02\/Captura-de-Tela-2024-02-02-as-15.30.01-768x96.png 768w, https:\/\/centrodeexcelencia.org.br\/wp-content\/uploads\/2024\/02\/Captura-de-Tela-2024-02-02-as-15.30.01-600x75.png 600w, https:\/\/centrodeexcelencia.org.br\/wp-content\/uploads\/2024\/02\/Captura-de-Tela-2024-02-02-as-15.30.01.png 1436w\" sizes=\"(max-width: 300px) 100vw, 300px\" \/>\t\t\t\t\t\t\t\t\t\t\t\t\t<\/div>\n\t\t\t\t<\/div>\n\t\t\t\t<div class=\"elementor-element elementor-element-bdc94f0 elementor-position-left elementor-vertical-align-middle elementor-widget elementor-widget-image-box\" data-id=\"bdc94f0\" data-element_type=\"widget\" data-widget_type=\"image-box.default\">\n\t\t\t\t<div class=\"elementor-widget-container\">\n\t\t\t<div class=\"elementor-image-box-wrapper\"><figure class=\"elementor-image-box-img\"><img loading=\"lazy\" decoding=\"async\" width=\"41\" height=\"27\" src=\"https:\/\/centrodeexcelencia.org.br\/wp-content\/uploads\/2021\/01\/Bandeira-Colombia.png\" class=\"attachment-full size-full wp-image-23367\" alt=\"\" \/><\/figure><div class=\"elementor-image-box-content\"><h1 class=\"elementor-image-box-title\">\u00a0COLOMBIA<\/h1><\/div><\/div>\t\t<\/div>\n\t\t\t\t<\/div>\n\t\t\t\t<div class=\"elementor-element elementor-element-299aa0c elementor-widget elementor-widget-image\" data-id=\"299aa0c\" data-element_type=\"widget\" data-widget_type=\"image.default\">\n\t\t\t\t<div class=\"elementor-widget-container\">\n\t\t\t\t\t\t\t\t\t\t\t\t\t<img loading=\"lazy\" decoding=\"async\" width=\"800\" height=\"8\" src=\"https:\/\/centrodeexcelencia.org.br\/wp-content\/uploads\/2020\/09\/barrinha-1024x10.gif\" class=\"attachment-large size-large wp-image-17736\" alt=\"\" srcset=\"https:\/\/centrodeexcelencia.org.br\/wp-content\/uploads\/2020\/09\/barrinha-1024x10.gif 1024w, https:\/\/centrodeexcelencia.org.br\/wp-content\/uploads\/2020\/09\/barrinha-300x3.gif 300w, https:\/\/centrodeexcelencia.org.br\/wp-content\/uploads\/2020\/09\/barrinha-768x8.gif 768w, https:\/\/centrodeexcelencia.org.br\/wp-content\/uploads\/2020\/09\/barrinha-1536x15.gif 1536w, https:\/\/centrodeexcelencia.org.br\/wp-content\/uploads\/2020\/09\/barrinha-600x6.gif 600w\" sizes=\"(max-width: 800px) 100vw, 800px\" \/>\t\t\t\t\t\t\t\t\t\t\t\t\t<\/div>\n\t\t\t\t<\/div>\n\t\t\t\t<div class=\"elementor-element elementor-element-5bcea88 elementor-widget elementor-widget-text-editor\" data-id=\"5bcea88\" data-element_type=\"widget\" data-widget_type=\"text-editor.default\">\n\t\t\t\t<div class=\"elementor-widget-container\">\n\t\t\t\t\t\t\t<p><\/p><div class=\"conteudo\"><p style=\"font-weight: 400;\">In Colombia, according to the National Nutritional Situation Survey (ENSIN, 2015) among children aged 0 to 4 years, 10.8% exhibited low height (chronic malnutrition), while 6.4% had excess weight. The numbers increase in the age group of 5 to 12 years, with 7.2% having low height and 24.4% having excess weight. In adolescence (13 to 17 years), the country recorded a 17.9% prevalence of excess weight.<\/p><\/div><p><\/p>\t\t\t\t\t\t<\/div>\n\t\t\t\t<\/div>\n\t\t\t\t<div class=\"elementor-element elementor-element-531dfb0 teste elementor-widget elementor-widget-heading\" data-id=\"531dfb0\" data-element_type=\"widget\" data-widget_type=\"heading.default\">\n\t\t\t\t<div class=\"elementor-widget-container\">\n\t\t\t<h4 class=\"elementor-heading-title elementor-size-default\">Partners<\/h4>\t\t<\/div>\n\t\t\t\t<\/div>\n\t\t\t\t<div class=\"elementor-element elementor-element-9a202e0 elementor-widget elementor-widget-image\" data-id=\"9a202e0\" data-element_type=\"widget\" data-widget_type=\"image.default\">\n\t\t\t\t<div class=\"elementor-widget-container\">\n\t\t\t\t\t\t\t\t\t\t\t\t\t<img decoding=\"async\" src=\"https:\/\/centrodeexcelencia.org.br\/wp-content\/uploads\/elementor\/thumbs\/logo-gobierno-Ministerio-de-Salud-y-Proteccion-Social-minsalud-rktxfxhfgk3bow8n8zgyiht6cmv1d7rnd7q38fm4n4.png\" title=\"logo-gobierno-Ministerio-de-Salud-y-Proteccion-Social-minsalud\" alt=\"logo-gobierno-Ministerio-de-Salud-y-Proteccion-Social-minsalud\" loading=\"lazy\" \/>\t\t\t\t\t\t\t\t\t\t\t\t\t<\/div>\n\t\t\t\t<\/div>\n\t\t\t\t<div class=\"elementor-element elementor-element-c0a521a elementor-position-left elementor-vertical-align-middle elementor-widget elementor-widget-image-box\" data-id=\"c0a521a\" data-element_type=\"widget\" data-widget_type=\"image-box.default\">\n\t\t\t\t<div class=\"elementor-widget-container\">\n\t\t\t<div class=\"elementor-image-box-wrapper\"><figure class=\"elementor-image-box-img\"><img loading=\"lazy\" decoding=\"async\" width=\"41\" height=\"27\" src=\"https:\/\/centrodeexcelencia.org.br\/wp-content\/uploads\/2021\/01\/Bandeira-Peru.png\" class=\"attachment-full size-full wp-image-23368\" alt=\"\" \/><\/figure><div class=\"elementor-image-box-content\"><h1 class=\"elementor-image-box-title\">\u00a0PERU<\/h1><\/div><\/div>\t\t<\/div>\n\t\t\t\t<\/div>\n\t\t\t\t<div class=\"elementor-element elementor-element-11c3f27 elementor-widget elementor-widget-image\" data-id=\"11c3f27\" data-element_type=\"widget\" data-widget_type=\"image.default\">\n\t\t\t\t<div class=\"elementor-widget-container\">\n\t\t\t\t\t\t\t\t\t\t\t\t\t<img loading=\"lazy\" decoding=\"async\" width=\"800\" height=\"8\" src=\"https:\/\/centrodeexcelencia.org.br\/wp-content\/uploads\/2020\/09\/barrinha-1024x10.gif\" class=\"attachment-large size-large wp-image-17736\" alt=\"\" srcset=\"https:\/\/centrodeexcelencia.org.br\/wp-content\/uploads\/2020\/09\/barrinha-1024x10.gif 1024w, https:\/\/centrodeexcelencia.org.br\/wp-content\/uploads\/2020\/09\/barrinha-300x3.gif 300w, https:\/\/centrodeexcelencia.org.br\/wp-content\/uploads\/2020\/09\/barrinha-768x8.gif 768w, https:\/\/centrodeexcelencia.org.br\/wp-content\/uploads\/2020\/09\/barrinha-1536x15.gif 1536w, https:\/\/centrodeexcelencia.org.br\/wp-content\/uploads\/2020\/09\/barrinha-600x6.gif 600w\" sizes=\"(max-width: 800px) 100vw, 800px\" \/>\t\t\t\t\t\t\t\t\t\t\t\t\t<\/div>\n\t\t\t\t<\/div>\n\t\t\t\t<div class=\"elementor-element elementor-element-84ac8c6 elementor-widget elementor-widget-text-editor\" data-id=\"84ac8c6\" data-element_type=\"widget\" data-widget_type=\"text-editor.default\">\n\t\t\t\t<div class=\"elementor-widget-container\">\n\t\t\t\t\t\t\t<p><\/p><div class=\"conteudo\"><p style=\"font-weight: 400;\">According to the National Institute of Health and the Institute of Statistics and Informatics of Peru, from 2017 to 2021, the prevalence of low height was 11.5% for children aged 0 to 59 months and 20.4% for adolescents aged 12 to 17 years. Regarding excess weight, 38.4% of children aged 6 to 13 years had this comorbidity, as well as 24.8% of youths aged 12 to 17 years. For children aged 6 to 13 years, the prevalence of overweight and obesity was 22.4% and 16.0%, respectively. Lastly, among youths aged 12 to 17 years, overweight and obesity were reported at 19.3% and 5.5%, respectively.<\/p><\/div><p><\/p>\t\t\t\t\t\t<\/div>\n\t\t\t\t<\/div>\n\t\t\t\t<div class=\"elementor-element elementor-element-0ac0495 teste elementor-widget elementor-widget-heading\" data-id=\"0ac0495\" data-element_type=\"widget\" data-widget_type=\"heading.default\">\n\t\t\t\t<div class=\"elementor-widget-container\">\n\t\t\t<h4 class=\"elementor-heading-title elementor-size-default\">Partners<\/h4>\t\t<\/div>\n\t\t\t\t<\/div>\n\t\t\t\t<div class=\"elementor-element elementor-element-5ceb24e elementor-widget elementor-widget-image\" data-id=\"5ceb24e\" data-element_type=\"widget\" data-widget_type=\"image.default\">\n\t\t\t\t<div class=\"elementor-widget-container\">\n\t\t\t\t\t\t\t\t\t\t\t\t\t<img loading=\"lazy\" decoding=\"async\" width=\"192\" height=\"40\" src=\"https:\/\/centrodeexcelencia.org.br\/wp-content\/uploads\/2021\/01\/ministerio-de-salud-del-peru-40p.png\" class=\"attachment-large size-large wp-image-23373\" alt=\"\" \/>\t\t\t\t\t\t\t\t\t\t\t\t\t<\/div>\n\t\t\t\t<\/div>\n\t\t\t\t<div class=\"elementor-element elementor-element-fee2743 elementor-widget elementor-widget-text-editor\" data-id=\"fee2743\" data-element_type=\"widget\" data-widget_type=\"text-editor.default\">\n\t\t\t\t<div class=\"elementor-widget-container\">\n\t\t\t\t\t\t\t<h2>\u00a0<\/h2><h2><span style=\"color: #808080;\">\u00a0Publications and Videos<\/span><img loading=\"lazy\" decoding=\"async\" class=\"aligncenter wp-image-17736 size-full\" src=\"https:\/\/centrodeexcelencia.org.br\/wp-content\/uploads\/2020\/09\/barrinha.gif\" alt=\"\" width=\"2002\" height=\"20\" \/><\/h2>\t\t\t\t\t\t<\/div>\n\t\t\t\t<\/div>\n\t\t\t\t<div class=\"elementor-element elementor-element-448f4e8 elementor-widget elementor-widget-text-editor\" data-id=\"448f4e8\" data-element_type=\"widget\" data-widget_type=\"text-editor.default\">\n\t\t\t\t<div class=\"elementor-widget-container\">\n\t\t\t\t\t\t\t<p><\/p><p><iframe title=\"Projeto Nutrir o Futuro (legendado)\" width=\"800\" height=\"450\" src=\"https:\/\/www.youtube.com\/embed\/gd4IWDBbN68?list=PLk9c3bs-icecWaKTBBJBEtZHmbdra-b8o\" frameborder=\"0\" allow=\"accelerometer; autoplay; clipboard-write; encrypted-media; gyroscope; picture-in-picture; web-share\" referrerpolicy=\"strict-origin-when-cross-origin\" allowfullscreen><\/iframe><\/p><p><\/p>\t\t\t\t\t\t<\/div>\n\t\t\t\t<\/div>\n\t\t\t\t<div class=\"elementor-element elementor-element-571384d elementor-widget elementor-widget-text-editor\" data-id=\"571384d\" data-element_type=\"widget\" data-widget_type=\"text-editor.default\">\n\t\t\t\t<div class=\"elementor-widget-container\">\n\t\t\t\t\t\t\t<p><\/p><p><iframe title=\"Obesidade Infantil: Estrat\u00e9gias de Preven\u00e7\u00e3o e Cuidado (legendado)\" width=\"800\" height=\"450\" src=\"https:\/\/www.youtube.com\/embed\/Pma-tYs28qM?list=PLk9c3bs-icecWaKTBBJBEtZHmbdra-b8o\" frameborder=\"0\" allow=\"accelerometer; autoplay; clipboard-write; encrypted-media; gyroscope; picture-in-picture; web-share\" referrerpolicy=\"strict-origin-when-cross-origin\" allowfullscreen><\/iframe><\/p><p><\/p>\t\t\t\t\t\t<\/div>\n\t\t\t\t<\/div>\n\t\t\t\t<div class=\"elementor-element elementor-element-d72a773 elementor-widget elementor-widget-text-editor\" data-id=\"d72a773\" data-element_type=\"widget\" data-widget_type=\"text-editor.default\">\n\t\t\t\t<div class=\"elementor-widget-container\">\n\t\t\t\t\t\t\t<p><\/p><div><p style=\"font-weight: 400;\">Given this scenario and crucial actions to address malnutrition and obesity, encouraging adequate and healthy eating, reducing sedentary behaviour and physical inactivity, and actions focused on children\u2019s health is a role of society as a whole. Due to the high prevalences, childhood obesity deserves everyone\u2019s attention through diverse, multidimensional and intersectoral actions as demonstrated in the documents and videos below.\u202f\u00a0<\/p><\/div><p><\/p>\t\t\t\t\t\t<\/div>\n\t\t\t\t<\/div>\n\t\t\t\t<div class=\"elementor-element elementor-element-29ede62 elementor-widget elementor-widget-toggle\" data-id=\"29ede62\" data-element_type=\"widget\" data-widget_type=\"toggle.default\">\n\t\t\t\t<div class=\"elementor-widget-container\">\n\t\t\t\t\t<div class=\"elementor-toggle\">\n\t\t\t\t\t\t\t<div class=\"elementor-toggle-item\">\n\t\t\t\t\t<div id=\"elementor-tab-title-4391\" class=\"elementor-tab-title\" data-tab=\"1\" role=\"button\" aria-controls=\"elementor-tab-content-4391\" aria-expanded=\"false\">\n\t\t\t\t\t\t\t\t\t\t\t\t<span class=\"elementor-toggle-icon elementor-toggle-icon-right\" aria-hidden=\"true\">\n\t\t\t\t\t\t\t\t\t\t\t\t\t\t\t<span class=\"elementor-toggle-icon-closed\"><i class=\"fas fa-caret-down\"><\/i><\/span>\n\t\t\t\t\t\t\t\t<span class=\"elementor-toggle-icon-opened\"><i class=\"elementor-toggle-icon-opened fas fa-caret-up\"><\/i><\/span>\n\t\t\t\t\t\t\t\t\t\t\t\t\t<\/span>\n\t\t\t\t\t\t\t\t\t\t\t\t<a class=\"elementor-toggle-title\" tabindex=\"0\">PUBLICATIONS<\/a>\n\t\t\t\t\t<\/div>\n\n\t\t\t\t\t<div id=\"elementor-tab-content-4391\" class=\"elementor-tab-content elementor-clearfix\" data-tab=\"1\" role=\"region\" aria-labelledby=\"elementor-tab-title-4391\"><p><\/p><p style=\"font-weight: 400;\">Over the years, the Nurture the Future project has developed policy briefs that guide public administrators and healthcare professionals on important measures to curb the advancement of childhood obesity.<\/p><p><a href=\"https:\/\/centrodeexcelencia.org.br\/en\/publicacao-9\/\"><img loading=\"lazy\" decoding=\"async\" class=\"alignnone wp-image-23975 size-full\" style=\"margin: 0;\" src=\"https:\/\/centrodeexcelencia.org.br\/wp-content\/uploads\/2021\/05\/banner-policy-brief-obesidade-EN-09-09.png\" alt=\"\" width=\"2867\" height=\"494\" srcset=\"https:\/\/centrodeexcelencia.org.br\/wp-content\/uploads\/2021\/05\/banner-policy-brief-obesidade-EN-09-09.png 2867w, https:\/\/centrodeexcelencia.org.br\/wp-content\/uploads\/2021\/05\/banner-policy-brief-obesidade-EN-09-09-300x52.png 300w, https:\/\/centrodeexcelencia.org.br\/wp-content\/uploads\/2021\/05\/banner-policy-brief-obesidade-EN-09-09-1024x176.png 1024w, https:\/\/centrodeexcelencia.org.br\/wp-content\/uploads\/2021\/05\/banner-policy-brief-obesidade-EN-09-09-768x132.png 768w, https:\/\/centrodeexcelencia.org.br\/wp-content\/uploads\/2021\/05\/banner-policy-brief-obesidade-EN-09-09-1536x265.png 1536w, https:\/\/centrodeexcelencia.org.br\/wp-content\/uploads\/2021\/05\/banner-policy-brief-obesidade-EN-09-09-2048x353.png 2048w, https:\/\/centrodeexcelencia.org.br\/wp-content\/uploads\/2021\/05\/banner-policy-brief-obesidade-EN-09-09-600x103.png 600w\" sizes=\"(max-width: 2867px) 100vw, 2867px\" \/><\/a>The policy &#8220;Childhood Obesity &#8211; \u00a0Care and Prevention Strategies (at the local level)&#8221; contextualizes the scenario and factors contributing to the increasing promotion of obesity. It highlights key alternatives for obesity prevention (health promotion in schools, fiscal measures, among others), the role of Primary Health Care, and the importance of healthy food environments in cities.<\/p><p><\/p><p><a href=\"https:\/\/centrodeexcelencia.org.br\/en\/publicacao-13\/\"><img loading=\"lazy\" decoding=\"async\" class=\"alignnone wp-image-24630 size-full\" style=\"margin: 0;\" src=\"https:\/\/centrodeexcelencia.org.br\/wp-content\/uploads\/2022\/01\/banner-nutricao-categorias-sitePOLICYEN-09.png\" alt=\"\" width=\"1434\" height=\"248\" srcset=\"https:\/\/centrodeexcelencia.org.br\/wp-content\/uploads\/2022\/01\/banner-nutricao-categorias-sitePOLICYEN-09.png 1434w, https:\/\/centrodeexcelencia.org.br\/wp-content\/uploads\/2022\/01\/banner-nutricao-categorias-sitePOLICYEN-09-300x52.png 300w, https:\/\/centrodeexcelencia.org.br\/wp-content\/uploads\/2022\/01\/banner-nutricao-categorias-sitePOLICYEN-09-1024x177.png 1024w, https:\/\/centrodeexcelencia.org.br\/wp-content\/uploads\/2022\/01\/banner-nutricao-categorias-sitePOLICYEN-09-768x133.png 768w, https:\/\/centrodeexcelencia.org.br\/wp-content\/uploads\/2022\/01\/banner-nutricao-categorias-sitePOLICYEN-09-600x104.png 600w\" sizes=\"(max-width: 1434px) 100vw, 1434px\" \/><\/a>The second policy focused on childhood obesity, &#8220;Prevention and Attention Actions in Brazil, Colombia, and Peru,&#8221; goes beyond the measures in the previous document. It provides information related to the importance of breastfeeding for weight gain, the impact on mental health and obesity, the relevance of actions across different sectors (health, social assistance, etc.), and the contributions of dietary guidelines and physical activity to control excess weight.<\/p><p><\/p><p><a href=\"https:\/\/centrodeexcelencia.org.br\/en\/publicacao-33\/\"><img loading=\"lazy\" decoding=\"async\" class=\"alignnone wp-image-26720 size-full\" style=\"margin: 0;\" src=\"https:\/\/centrodeexcelencia.org.br\/wp-content\/uploads\/2024\/02\/policybrief3eng.png\" alt=\"\" width=\"2868\" height=\"493\" srcset=\"https:\/\/centrodeexcelencia.org.br\/wp-content\/uploads\/2024\/02\/policybrief3eng.png 2868w, https:\/\/centrodeexcelencia.org.br\/wp-content\/uploads\/2024\/02\/policybrief3eng-300x52.png 300w, https:\/\/centrodeexcelencia.org.br\/wp-content\/uploads\/2024\/02\/policybrief3eng-1024x176.png 1024w, https:\/\/centrodeexcelencia.org.br\/wp-content\/uploads\/2024\/02\/policybrief3eng-768x132.png 768w, https:\/\/centrodeexcelencia.org.br\/wp-content\/uploads\/2024\/02\/policybrief3eng-1536x264.png 1536w, https:\/\/centrodeexcelencia.org.br\/wp-content\/uploads\/2024\/02\/policybrief3eng-2048x352.png 2048w, https:\/\/centrodeexcelencia.org.br\/wp-content\/uploads\/2024\/02\/policybrief3eng-600x103.png 600w\" sizes=\"(max-width: 2868px) 100vw, 2868px\" \/><\/a>The third document, titled &#8220;Confronting the Multiple Burden of Malnutrition&#8221; addresses how malnutrition, namely the development of malnutrition, obesity, and\/or micronutrient deficiencies, affects populations, especially the most vulnerable. Additionally, the product presents how social inequality, inadequate housing, poverty, and other factors can contribute to the multiple burdens of malnutrition. To address these synergistic determinants, the policy, aimed at public administrators, presents alternatives to mitigate these adversities.\u00a0<\/p><p><\/p><p><\/p><p><a href=\"https:\/\/centrodeexcelencia.org.br\/en\/publicacao-14\/\"><img loading=\"lazy\" decoding=\"async\" class=\"alignnone wp-image-24633 size-full\" style=\"margin: 0;\" src=\"https:\/\/centrodeexcelencia.org.br\/wp-content\/uploads\/2022\/01\/publication-09.png\" alt=\"\" width=\"1434\" height=\"248\" srcset=\"https:\/\/centrodeexcelencia.org.br\/wp-content\/uploads\/2022\/01\/publication-09.png 1434w, https:\/\/centrodeexcelencia.org.br\/wp-content\/uploads\/2022\/01\/publication-09-300x52.png 300w, https:\/\/centrodeexcelencia.org.br\/wp-content\/uploads\/2022\/01\/publication-09-1024x177.png 1024w, https:\/\/centrodeexcelencia.org.br\/wp-content\/uploads\/2022\/01\/publication-09-768x133.png 768w, https:\/\/centrodeexcelencia.org.br\/wp-content\/uploads\/2022\/01\/publication-09-600x104.png 600w\" sizes=\"(max-width: 1434px) 100vw, 1434px\" \/><\/a><\/p><p>Fruits and vegetables are closely linked to the establishment of healthy, fair and sustainable food systems. This publication shares innovative experiences that strengthen the production, supply and consumption of fruits and vegetables.<span class=\"Apple-converted-space\">\u00a0 \u00a0<\/span><\/p><p><\/p><\/div>\n\t\t\t\t<\/div>\n\t\t\t\t\t\t\t<div class=\"elementor-toggle-item\">\n\t\t\t\t\t<div id=\"elementor-tab-title-4392\" class=\"elementor-tab-title\" data-tab=\"2\" role=\"button\" aria-controls=\"elementor-tab-content-4392\" aria-expanded=\"false\">\n\t\t\t\t\t\t\t\t\t\t\t\t<span class=\"elementor-toggle-icon elementor-toggle-icon-right\" aria-hidden=\"true\">\n\t\t\t\t\t\t\t\t\t\t\t\t\t\t\t<span class=\"elementor-toggle-icon-closed\"><i class=\"fas fa-caret-down\"><\/i><\/span>\n\t\t\t\t\t\t\t\t<span class=\"elementor-toggle-icon-opened\"><i class=\"elementor-toggle-icon-opened fas fa-caret-up\"><\/i><\/span>\n\t\t\t\t\t\t\t\t\t\t\t\t\t<\/span>\n\t\t\t\t\t\t\t\t\t\t\t\t<a class=\"elementor-toggle-title\" tabindex=\"0\">VIDEOS<\/a>\n\t\t\t\t\t<\/div>\n\n\t\t\t\t\t<div id=\"elementor-tab-content-4392\" class=\"elementor-tab-content elementor-clearfix\" data-tab=\"2\" role=\"region\" aria-labelledby=\"elementor-tab-title-4392\"><p><a href=\"https:\/\/youtube.com\/playlist?list=PLk9c3bs-iced6xRp6az7UzF6CIXC2Y3VM\"><img loading=\"lazy\" decoding=\"async\" style=\"margin: 0;\" src=\"https:\/\/centrodeexcelencia.org.br\/wp-content\/uploads\/2021\/04\/Infografico-Nutrir-o-Futuro14042021-EN-05.png\" alt=\"\" width=\"2867\" height=\"493\" \/><\/a><\/p><p><a href=\"https:\/\/youtube.com\/playlist?list=PLk9c3bs-icecRmYJdf97lO3bVNAZfyYdx\"><img loading=\"lazy\" decoding=\"async\" style=\"margin: 0;\" src=\"https:\/\/centrodeexcelencia.org.br\/wp-content\/uploads\/2021\/04\/Infografico-Nutrir-o-Futuro14042021-EN-08.png\" alt=\"\" width=\"2868\" height=\"493\" \/><\/a><\/p><p><a href=\"https:\/\/www.youtube.com\/watch?v=qUuh9tR13Zw\"><img loading=\"lazy\" decoding=\"async\" style=\"margin: 0;\" src=\"https:\/\/centrodeexcelencia.org.br\/wp-content\/uploads\/2021\/07\/banner-live-nutrir-o-futuro-ingles-05.png\" alt=\"\" width=\"2867\" height=\"493\" \/><\/a><\/p><p><a href=\"https:\/\/www.youtube.com\/watch?v=eM4wuNbeE50\"><img loading=\"lazy\" decoding=\"async\" style=\"margin: 0;\" src=\"https:\/\/centrodeexcelencia.org.br\/wp-content\/uploads\/2021\/11\/banner-portuguese-08.png\" alt=\"\" width=\"2868\" height=\"493\" \/><\/a><\/p><p><\/p><p><a href=\"https:\/\/www.youtube.com\/watch?v=8V22Y3BYciY&amp;t=19s\"><img loading=\"lazy\" decoding=\"async\" src=\"https:\/\/centrodeexcelencia.org.br\/wp-content\/uploads\/2021\/11\/banner-spanish-08.png\" alt=\"\" width=\"2868\" height=\"493\" \/><\/a><\/p><p><\/p><p><\/p><p><a href=\"https:\/\/youtu.be\/44XYQcQcGLo\"><img loading=\"lazy\" decoding=\"async\" class=\"alignnone wp-image-24618 size-full\" src=\"https:\/\/centrodeexcelencia.org.br\/wp-content\/uploads\/2022\/01\/banner-nutricao-categorias-site-EN-08.png\" alt=\"\" width=\"1434\" height=\"247\" srcset=\"https:\/\/centrodeexcelencia.org.br\/wp-content\/uploads\/2022\/01\/banner-nutricao-categorias-site-EN-08.png 1434w, https:\/\/centrodeexcelencia.org.br\/wp-content\/uploads\/2022\/01\/banner-nutricao-categorias-site-EN-08-300x52.png 300w, https:\/\/centrodeexcelencia.org.br\/wp-content\/uploads\/2022\/01\/banner-nutricao-categorias-site-EN-08-1024x176.png 1024w, https:\/\/centrodeexcelencia.org.br\/wp-content\/uploads\/2022\/01\/banner-nutricao-categorias-site-EN-08-768x132.png 768w, https:\/\/centrodeexcelencia.org.br\/wp-content\/uploads\/2022\/01\/banner-nutricao-categorias-site-EN-08-600x103.png 600w\" sizes=\"(max-width: 1434px) 100vw, 1434px\" \/><\/a><\/p><p><\/p><p><\/p><p><a href=\"https:\/\/youtu.be\/3laI6QZL8mI\"><img loading=\"lazy\" decoding=\"async\" class=\"alignnone wp-image-24620 size-full\" src=\"https:\/\/centrodeexcelencia.org.br\/wp-content\/uploads\/2022\/01\/banner-nutricao-categorias-site-EN1-08.png\" alt=\"\" width=\"1434\" height=\"247\" srcset=\"https:\/\/centrodeexcelencia.org.br\/wp-content\/uploads\/2022\/01\/banner-nutricao-categorias-site-EN1-08.png 1434w, https:\/\/centrodeexcelencia.org.br\/wp-content\/uploads\/2022\/01\/banner-nutricao-categorias-site-EN1-08-300x52.png 300w, https:\/\/centrodeexcelencia.org.br\/wp-content\/uploads\/2022\/01\/banner-nutricao-categorias-site-EN1-08-1024x176.png 1024w, https:\/\/centrodeexcelencia.org.br\/wp-content\/uploads\/2022\/01\/banner-nutricao-categorias-site-EN1-08-768x132.png 768w, https:\/\/centrodeexcelencia.org.br\/wp-content\/uploads\/2022\/01\/banner-nutricao-categorias-site-EN1-08-600x103.png 600w\" sizes=\"(max-width: 1434px) 100vw, 1434px\" \/><\/a><\/p><p><\/p><\/div>\n\t\t\t\t<\/div>\n\t\t\t\t\t\t\t\t<\/div>\n\t\t\t\t<\/div>\n\t\t\t\t<\/div>\n\t\t\t\t\t<\/div>\n\t\t<\/div>\n\t\t\t\t\t<\/div>\n\t\t<\/section>\n\t\t\t\t<\/div>\n\t\t","protected":false},"excerpt":{"rendered":"<p>The scenario of malnutrition among children remains serious worldwide. According&hellip;<\/p>\n<p> <a class=\"more-link\" href=\"https:\/\/centrodeexcelencia.org.br\/en\/nutrir-o-futuro\/\">Read more<\/a><\/p>\n","protected":false},"author":34,"featured_media":0,"parent":0,"menu_order":0,"comment_status":"closed","ping_status":"closed","template":"elementor_header_footer","meta":{"_monsterinsights_skip_tracking":false,"_monsterinsights_sitenote_active":false,"_monsterinsights_sitenote_note":"","_monsterinsights_sitenote_category":0,"footnotes":""},"class_list":["post-23082","page","type-page","status-publish"],"yoast_head":"<!-- This site is optimized with the Yoast SEO plugin v27.3 - https:\/\/yoast.com\/product\/yoast-seo-wordpress\/ -->\n<title>Nurture the Future - WFP<\/title>\n<meta name=\"robots\" content=\"index, follow, max-snippet:-1, max-image-preview:large, max-video-preview:-1\" \/>\n<link rel=\"canonical\" href=\"https:\/\/centrodeexcelencia.org.br\/nutrir-o-futuro\/\" \/>\n<meta property=\"og:locale\" content=\"en_US\" \/>\n<meta property=\"og:type\" content=\"article\" \/>\n<meta property=\"og:title\" content=\"Nurture the Future - WFP\" \/>\n<meta property=\"og:description\" content=\"The scenario of malnutrition among children remains serious worldwide. According&hellip;  Read more\" \/>\n<meta property=\"og:url\" content=\"https:\/\/centrodeexcelencia.org.br\/nutrir-o-futuro\/\" \/>\n<meta property=\"og:site_name\" content=\"WFP\" \/>\n<meta property=\"article:modified_time\" content=\"2024-12-03T13:09:32+00:00\" \/>\n<meta property=\"og:image\" content=\"https:\/\/centrodeexcelencia.org.br\/wp-content\/uploads\/2020\/09\/barrinha.gif\" \/>\n<meta name=\"twitter:card\" content=\"summary_large_image\" \/>\n<meta name=\"twitter:label1\" content=\"Est. reading time\" \/>\n\t<meta name=\"twitter:data1\" content=\"18 minutes\" \/>\n<script type=\"application\/ld+json\" class=\"yoast-schema-graph\">{\"@context\":\"https:\\\/\\\/schema.org\",\"@graph\":[{\"@type\":\"WebPage\",\"@id\":\"https:\\\/\\\/centrodeexcelencia.org.br\\\/nutrir-o-futuro\\\/\",\"url\":\"https:\\\/\\\/centrodeexcelencia.org.br\\\/nutrir-o-futuro\\\/\",\"name\":\"Nurture the Future - WFP\",\"isPartOf\":{\"@id\":\"https:\\\/\\\/centrodeexcelencia.org.br\\\/#website\"},\"primaryImageOfPage\":{\"@id\":\"https:\\\/\\\/centrodeexcelencia.org.br\\\/nutrir-o-futuro\\\/#primaryimage\"},\"image\":{\"@id\":\"https:\\\/\\\/centrodeexcelencia.org.br\\\/nutrir-o-futuro\\\/#primaryimage\"},\"thumbnailUrl\":\"https:\\\/\\\/centrodeexcelencia.org.br\\\/wp-content\\\/uploads\\\/2020\\\/09\\\/barrinha.gif\",\"datePublished\":\"2020-12-15T14:38:32+00:00\",\"dateModified\":\"2024-12-03T13:09:32+00:00\",\"breadcrumb\":{\"@id\":\"https:\\\/\\\/centrodeexcelencia.org.br\\\/nutrir-o-futuro\\\/#breadcrumb\"},\"inLanguage\":\"en-US\",\"potentialAction\":[{\"@type\":\"ReadAction\",\"target\":[\"https:\\\/\\\/centrodeexcelencia.org.br\\\/nutrir-o-futuro\\\/\"]}]},{\"@type\":\"ImageObject\",\"inLanguage\":\"en-US\",\"@id\":\"https:\\\/\\\/centrodeexcelencia.org.br\\\/nutrir-o-futuro\\\/#primaryimage\",\"url\":\"https:\\\/\\\/centrodeexcelencia.org.br\\\/wp-content\\\/uploads\\\/2020\\\/09\\\/barrinha.gif\",\"contentUrl\":\"https:\\\/\\\/centrodeexcelencia.org.br\\\/wp-content\\\/uploads\\\/2020\\\/09\\\/barrinha.gif\"},{\"@type\":\"BreadcrumbList\",\"@id\":\"https:\\\/\\\/centrodeexcelencia.org.br\\\/nutrir-o-futuro\\\/#breadcrumb\",\"itemListElement\":[{\"@type\":\"ListItem\",\"position\":1,\"name\":\"In\u00edcio\",\"item\":\"https:\\\/\\\/centrodeexcelencia.org.br\\\/\"},{\"@type\":\"ListItem\",\"position\":2,\"name\":\"Nutrir o Futuro\"}]},{\"@type\":\"WebSite\",\"@id\":\"https:\\\/\\\/centrodeexcelencia.org.br\\\/#website\",\"url\":\"https:\\\/\\\/centrodeexcelencia.org.br\\\/\",\"name\":\"WFP\",\"description\":\"Centre of Excellence against Hunger\",\"publisher\":{\"@id\":\"https:\\\/\\\/centrodeexcelencia.org.br\\\/#organization\"},\"potentialAction\":[{\"@type\":\"SearchAction\",\"target\":{\"@type\":\"EntryPoint\",\"urlTemplate\":\"https:\\\/\\\/centrodeexcelencia.org.br\\\/?s={search_term_string}\"},\"query-input\":{\"@type\":\"PropertyValueSpecification\",\"valueRequired\":true,\"valueName\":\"search_term_string\"}}],\"inLanguage\":\"en-US\"},{\"@type\":\"Organization\",\"@id\":\"https:\\\/\\\/centrodeexcelencia.org.br\\\/#organization\",\"name\":\"WFP\",\"url\":\"https:\\\/\\\/centrodeexcelencia.org.br\\\/\",\"logo\":{\"@type\":\"ImageObject\",\"inLanguage\":\"en-US\",\"@id\":\"https:\\\/\\\/centrodeexcelencia.org.br\\\/#\\\/schema\\\/logo\\\/image\\\/\",\"url\":\"https:\\\/\\\/centrodeexcelencia.org.br\\\/wp-content\\\/uploads\\\/2026\\\/01\\\/Sem-titulo-1_Prancheta-1-1.png\",\"contentUrl\":\"https:\\\/\\\/centrodeexcelencia.org.br\\\/wp-content\\\/uploads\\\/2026\\\/01\\\/Sem-titulo-1_Prancheta-1-1.png\",\"width\":259,\"height\":395,\"caption\":\"WFP\"},\"image\":{\"@id\":\"https:\\\/\\\/centrodeexcelencia.org.br\\\/#\\\/schema\\\/logo\\\/image\\\/\"}}]}<\/script>\n<!-- \/ Yoast SEO plugin. -->","yoast_head_json":{"title":"Nurture the Future - WFP","robots":{"index":"index","follow":"follow","max-snippet":"max-snippet:-1","max-image-preview":"max-image-preview:large","max-video-preview":"max-video-preview:-1"},"canonical":"https:\/\/centrodeexcelencia.org.br\/nutrir-o-futuro\/","og_locale":"en_US","og_type":"article","og_title":"Nurture the Future - WFP","og_description":"The scenario of malnutrition among children remains serious worldwide. According&hellip;  Read more","og_url":"https:\/\/centrodeexcelencia.org.br\/nutrir-o-futuro\/","og_site_name":"WFP","article_modified_time":"2024-12-03T13:09:32+00:00","og_image":[{"url":"https:\/\/centrodeexcelencia.org.br\/wp-content\/uploads\/2020\/09\/barrinha.gif","type":"","width":"","height":""}],"twitter_card":"summary_large_image","twitter_misc":{"Est. reading time":"18 minutes"},"schema":{"@context":"https:\/\/schema.org","@graph":[{"@type":"WebPage","@id":"https:\/\/centrodeexcelencia.org.br\/nutrir-o-futuro\/","url":"https:\/\/centrodeexcelencia.org.br\/nutrir-o-futuro\/","name":"Nurture the Future - WFP","isPartOf":{"@id":"https:\/\/centrodeexcelencia.org.br\/#website"},"primaryImageOfPage":{"@id":"https:\/\/centrodeexcelencia.org.br\/nutrir-o-futuro\/#primaryimage"},"image":{"@id":"https:\/\/centrodeexcelencia.org.br\/nutrir-o-futuro\/#primaryimage"},"thumbnailUrl":"https:\/\/centrodeexcelencia.org.br\/wp-content\/uploads\/2020\/09\/barrinha.gif","datePublished":"2020-12-15T14:38:32+00:00","dateModified":"2024-12-03T13:09:32+00:00","breadcrumb":{"@id":"https:\/\/centrodeexcelencia.org.br\/nutrir-o-futuro\/#breadcrumb"},"inLanguage":"en-US","potentialAction":[{"@type":"ReadAction","target":["https:\/\/centrodeexcelencia.org.br\/nutrir-o-futuro\/"]}]},{"@type":"ImageObject","inLanguage":"en-US","@id":"https:\/\/centrodeexcelencia.org.br\/nutrir-o-futuro\/#primaryimage","url":"https:\/\/centrodeexcelencia.org.br\/wp-content\/uploads\/2020\/09\/barrinha.gif","contentUrl":"https:\/\/centrodeexcelencia.org.br\/wp-content\/uploads\/2020\/09\/barrinha.gif"},{"@type":"BreadcrumbList","@id":"https:\/\/centrodeexcelencia.org.br\/nutrir-o-futuro\/#breadcrumb","itemListElement":[{"@type":"ListItem","position":1,"name":"In\u00edcio","item":"https:\/\/centrodeexcelencia.org.br\/"},{"@type":"ListItem","position":2,"name":"Nutrir o Futuro"}]},{"@type":"WebSite","@id":"https:\/\/centrodeexcelencia.org.br\/#website","url":"https:\/\/centrodeexcelencia.org.br\/","name":"WFP","description":"Centre of Excellence against Hunger","publisher":{"@id":"https:\/\/centrodeexcelencia.org.br\/#organization"},"potentialAction":[{"@type":"SearchAction","target":{"@type":"EntryPoint","urlTemplate":"https:\/\/centrodeexcelencia.org.br\/?s={search_term_string}"},"query-input":{"@type":"PropertyValueSpecification","valueRequired":true,"valueName":"search_term_string"}}],"inLanguage":"en-US"},{"@type":"Organization","@id":"https:\/\/centrodeexcelencia.org.br\/#organization","name":"WFP","url":"https:\/\/centrodeexcelencia.org.br\/","logo":{"@type":"ImageObject","inLanguage":"en-US","@id":"https:\/\/centrodeexcelencia.org.br\/#\/schema\/logo\/image\/","url":"https:\/\/centrodeexcelencia.org.br\/wp-content\/uploads\/2026\/01\/Sem-titulo-1_Prancheta-1-1.png","contentUrl":"https:\/\/centrodeexcelencia.org.br\/wp-content\/uploads\/2026\/01\/Sem-titulo-1_Prancheta-1-1.png","width":259,"height":395,"caption":"WFP"},"image":{"@id":"https:\/\/centrodeexcelencia.org.br\/#\/schema\/logo\/image\/"}}]}},"_links":{"self":[{"href":"https:\/\/centrodeexcelencia.org.br\/en\/wp-json\/wp\/v2\/pages\/23082","targetHints":{"allow":["GET"]}}],"collection":[{"href":"https:\/\/centrodeexcelencia.org.br\/en\/wp-json\/wp\/v2\/pages"}],"about":[{"href":"https:\/\/centrodeexcelencia.org.br\/en\/wp-json\/wp\/v2\/types\/page"}],"author":[{"embeddable":true,"href":"https:\/\/centrodeexcelencia.org.br\/en\/wp-json\/wp\/v2\/users\/34"}],"replies":[{"embeddable":true,"href":"https:\/\/centrodeexcelencia.org.br\/en\/wp-json\/wp\/v2\/comments?post=23082"}],"version-history":[{"count":0,"href":"https:\/\/centrodeexcelencia.org.br\/en\/wp-json\/wp\/v2\/pages\/23082\/revisions"}],"wp:attachment":[{"href":"https:\/\/centrodeexcelencia.org.br\/en\/wp-json\/wp\/v2\/media?parent=23082"}],"curies":[{"name":"wp","href":"https:\/\/api.w.org\/{rel}","templated":true}]}}